{"id":358,"date":"2022-12-26T13:06:51","date_gmt":"2022-12-26T13:06:51","guid":{"rendered":"https:\/\/estefaniarmfotografia.es\/?page_id=358"},"modified":"2025-02-18T15:58:56","modified_gmt":"2025-02-18T15:58:56","slug":"pareja","status":"publish","type":"page","link":"https:\/\/estefaniarmfotografia.es\/en\/pareja","title":{"rendered":"Pareja"},"content":{"rendered":"<p>Que bonitas son los momentos en pareja, tanto como regalo, como recuerdo o hasta incluso para tener fotos espectaculares para decorar en casa. <\/p>\n\n\n\n<p>En estas sesiones queremos que pas\u00e9is un rato divertido, agradable y rom\u00e1ntico para que os llev\u00e9is un gran recuerdo y momento en pareja y por supuesto que quede capturado para siempre.<\/p>\n\n\n\n<figure class=\"wp-block-gallery has-nested-images columns-default is-cropped wp-block-gallery-1 is-layout-flex wp-block-gallery-is-layout-flex\">\n<figure class=\"wp-block-image size-large\"><img fetchpriority=\"high\" decoding=\"async\" width=\"1024\" height=\"682\" data-id=\"384\" src=\"https:\/\/estefaniarmfotografia.es\/wp-content\/uploads\/2022\/12\/WhatsApp-Image-2022-12-11-at-16.49.40-1024x682.jpeg\" alt=\"\" class=\"wp-image-384\" srcset=\"https:\/\/estefaniarmfotografia.es\/wp-content\/uploads\/2022\/12\/WhatsApp-Image-2022-12-11-at-16.49.40-1024x682.jpeg 1024w, https:\/\/estefaniarmfotografia.es\/wp-content\/uploads\/2022\/12\/WhatsApp-Image-2022-12-11-at-16.49.40-300x200.jpeg 300w, https:\/\/estefaniarmfotografia.es\/wp-content\/uploads\/2022\/12\/WhatsApp-Image-2022-12-11-at-16.49.40-768x512.jpeg 768w, https:\/\/estefaniarmfotografia.es\/wp-content\/uploads\/2022\/12\/WhatsApp-Image-2022-12-11-at-16.49.40-1536x1023.jpeg 1536w, https:\/\/estefaniarmfotografia.es\/wp-content\/uploads\/2022\/12\/WhatsApp-Image-2022-12-11-at-16.49.40.jpeg 1600w\" sizes=\"(max-width: 1024px) 100vw, 1024px\" \/><\/figure>\n\n\n\n<figure class=\"wp-block-image size-large\"><img decoding=\"async\" width=\"1024\" height=\"682\" data-id=\"382\" src=\"https:\/\/estefaniarmfotografia.es\/wp-content\/uploads\/2022\/12\/WhatsApp-Image-2022-12-11-at-16.49.49-1-2-1024x682.jpeg\" alt=\"\" class=\"wp-image-382\" srcset=\"https:\/\/estefaniarmfotografia.es\/wp-content\/uploads\/2022\/12\/WhatsApp-Image-2022-12-11-at-16.49.49-1-2-1024x682.jpeg 1024w, https:\/\/estefaniarmfotografia.es\/wp-content\/uploads\/2022\/12\/WhatsApp-Image-2022-12-11-at-16.49.49-1-2-300x200.jpeg 300w, https:\/\/estefaniarmfotografia.es\/wp-content\/uploads\/2022\/12\/WhatsApp-Image-2022-12-11-at-16.49.49-1-2-768x512.jpeg 768w, https:\/\/estefaniarmfotografia.es\/wp-content\/uploads\/2022\/12\/WhatsApp-Image-2022-12-11-at-16.49.49-1-2-1536x1023.jpeg 1536w, https:\/\/estefaniarmfotografia.es\/wp-content\/uploads\/2022\/12\/WhatsApp-Image-2022-12-11-at-16.49.49-1-2.jpeg 1600w\" sizes=\"(max-width: 1024px) 100vw, 1024px\" \/><\/figure>\n\n\n\n<figure class=\"wp-block-image size-large\"><img decoding=\"async\" width=\"1024\" height=\"682\" data-id=\"387\" src=\"https:\/\/estefaniarmfotografia.es\/wp-content\/uploads\/2022\/12\/WhatsApp-Image-2022-12-11-at-16.50.56-1024x682.jpeg\" alt=\"\" class=\"wp-image-387\" srcset=\"https:\/\/estefaniarmfotografia.es\/wp-content\/uploads\/2022\/12\/WhatsApp-Image-2022-12-11-at-16.50.56-1024x682.jpeg 1024w, https:\/\/estefaniarmfotografia.es\/wp-content\/uploads\/2022\/12\/WhatsApp-Image-2022-12-11-at-16.50.56-300x200.jpeg 300w, https:\/\/estefaniarmfotografia.es\/wp-content\/uploads\/2022\/12\/WhatsApp-Image-2022-12-11-at-16.50.56-768x512.jpeg 768w, https:\/\/estefaniarmfotografia.es\/wp-content\/uploads\/2022\/12\/WhatsApp-Image-2022-12-11-at-16.50.56-1536x1023.jpeg 1536w, https:\/\/estefaniarmfotografia.es\/wp-content\/uploads\/2022\/12\/WhatsApp-Image-2022-12-11-at-16.50.56.jpeg 1600w\" sizes=\"(max-width: 1024px) 100vw, 1024px\" \/><\/figure>\n\n\n\n<figure class=\"wp-block-image size-large\"><img loading=\"lazy\" decoding=\"async\" width=\"1024\" height=\"682\" data-id=\"383\" src=\"https:\/\/estefaniarmfotografia.es\/wp-content\/uploads\/2022\/12\/WhatsApp-Image-2022-12-26-at-14.18.17-1024x682.jpeg\" alt=\"\" class=\"wp-image-383\" srcset=\"https:\/\/estefaniarmfotografia.es\/wp-content\/uploads\/2022\/12\/WhatsApp-Image-2022-12-26-at-14.18.17-1024x682.jpeg 1024w, https:\/\/estefaniarmfotografia.es\/wp-content\/uploads\/2022\/12\/WhatsApp-Image-2022-12-26-at-14.18.17-300x200.jpeg 300w, https:\/\/estefaniarmfotografia.es\/wp-content\/uploads\/2022\/12\/WhatsApp-Image-2022-12-26-at-14.18.17-768x512.jpeg 768w, https:\/\/estefaniarmfotografia.es\/wp-content\/uploads\/2022\/12\/WhatsApp-Image-2022-12-26-at-14.18.17-1536x1023.jpeg 1536w, https:\/\/estefaniarmfotografia.es\/wp-content\/uploads\/2022\/12\/WhatsApp-Image-2022-12-26-at-14.18.17.jpeg 1600w\" sizes=\"(max-width: 1024px) 100vw, 1024px\" \/><\/figure>\n\n\n\n<figure class=\"wp-block-image size-large\"><img loading=\"lazy\" decoding=\"async\" width=\"1024\" height=\"682\" data-id=\"385\" src=\"https:\/\/estefaniarmfotografia.es\/wp-content\/uploads\/2022\/12\/WhatsApp-Image-2022-12-26-at-14.18.47-1-1024x682.jpeg\" alt=\"\" class=\"wp-image-385\" srcset=\"https:\/\/estefaniarmfotografia.es\/wp-content\/uploads\/2022\/12\/WhatsApp-Image-2022-12-26-at-14.18.47-1-1024x682.jpeg 1024w, https:\/\/estefaniarmfotografia.es\/wp-content\/uploads\/2022\/12\/WhatsApp-Image-2022-12-26-at-14.18.47-1-300x200.jpeg 300w, https:\/\/estefaniarmfotografia.es\/wp-content\/uploads\/2022\/12\/WhatsApp-Image-2022-12-26-at-14.18.47-1-768x512.jpeg 768w, https:\/\/estefaniarmfotografia.es\/wp-content\/uploads\/2022\/12\/WhatsApp-Image-2022-12-26-at-14.18.47-1-1536x1023.jpeg 1536w, https:\/\/estefaniarmfotografia.es\/wp-content\/uploads\/2022\/12\/WhatsApp-Image-2022-12-26-at-14.18.47-1.jpeg 1600w\" sizes=\"(max-width: 1024px) 100vw, 1024px\" \/><\/figure>\n\n\n\n<figure class=\"wp-block-image size-large\"><img loading=\"lazy\" decoding=\"async\" width=\"1024\" height=\"731\" data-id=\"386\" src=\"https:\/\/estefaniarmfotografia.es\/wp-content\/uploads\/2022\/12\/WhatsApp-Image-2022-12-26-at-14.18.47-1024x731.jpeg\" alt=\"\" class=\"wp-image-386\" srcset=\"https:\/\/estefaniarmfotografia.es\/wp-content\/uploads\/2022\/12\/WhatsApp-Image-2022-12-26-at-14.18.47-1024x731.jpeg 1024w, https:\/\/estefaniarmfotografia.es\/wp-content\/uploads\/2022\/12\/WhatsApp-Image-2022-12-26-at-14.18.47-300x214.jpeg 300w, https:\/\/estefaniarmfotografia.es\/wp-content\/uploads\/2022\/12\/WhatsApp-Image-2022-12-26-at-14.18.47-768x548.jpeg 768w, https:\/\/estefaniarmfotografia.es\/wp-content\/uploads\/2022\/12\/WhatsApp-Image-2022-12-26-at-14.18.47-1536x1096.jpeg 1536w, https:\/\/estefaniarmfotografia.es\/wp-content\/uploads\/2022\/12\/WhatsApp-Image-2022-12-26-at-14.18.47.jpeg 1600w\" sizes=\"(max-width: 1024px) 100vw, 1024px\" \/><\/figure>\n<\/figure>\n\n\n\n<p class=\"has-white-color has-text-color has-link-color wp-elements-c645e628e62f8fbab9d9726851472d16\"><\/p>\n\n\n\n<p id=\"block-ccf0d023-980a-4674-8135-fa331ac36a2a\"><strong>\u00bfCU\u00c1NDO SE REALIZAN?<\/strong><\/p>\n\n\n\n<p id=\"block-a69024e7-fbeb-4fd0-bb02-c855319f8f0b\">Se pueden hacer en <strong>cualquier momento<\/strong> pero suele hacerse en alguna ocasi\u00f3n especial como regalo de <strong>aniversario <\/strong>o de <strong>san Valent\u00edn<\/strong>. Tambi\u00e9n es com\u00fan hacerlo en alg\u00fan evento especial, <strong>pedida de mano, <\/strong>un <strong>viaje<\/strong>, una <strong>celebraci\u00f3n<\/strong> nos adaptamos a cualquier situaci\u00f3n contadnos lo que necesit\u00e1is y buscamos como hacerlos.<\/p>\n\n\n\n<p id=\"block-b465b79d-8346-4edf-92e6-cf2e9b2ffc9e\"><strong>\u00bfD\u00d3NDE SE REALIZAN?<\/strong><\/p>\n\n\n\n<p id=\"block-6fe0fb10-9543-4fdb-8089-916c0ec70ab3\">Una opci\u00f3n es hacerlas en <strong>estudio<\/strong>, el cual esta aclimatado y con escenarios preparados seg\u00fan la tem\u00e1tica que nos coment\u00e9is.  Aqu\u00ed estar\u00e1 todo preparado para que pas\u00e9is un d\u00eda divertido y rom\u00e1ntico es una gran experiencia.<\/p>\n\n\n\n<p id=\"block-1914227d-1e9a-480b-8ce5-d57e1f73c805\">Otra opci\u00f3n es realizar en <strong>exterior <\/strong>donde te recomendaremos lugares incre\u00edbles cerca de Granada y de f\u00e1cil acceso, dinos que te gusta y te aconsejamos (ciudad, bosque, lago, monta\u00f1a&#8230;). Daremos un paseo en estos lugares y os diremos los sitios perfectos retratar esos momentos divertidos y rom\u00e1nticos.<\/p>\n\n\n\n<p id=\"block-1fc08a22-528a-4d2e-9cd9-05cd5d649da8\"><strong>\u00bfEN QUE CONSISTEN?<\/strong><\/p>\n\n\n\n<p id=\"block-3d66a5d5-3971-4cad-93a3-a672306a5f22\">Si hay un evento concreto te aconsejamos reservar con tiempo para que tengas para tu d\u00eda especial el regalo preparado y listo para entregarlo. En que consiste ya depender\u00e1 de lo que nos coment\u00e9is, en estudio podemos hacer sesiones divertidas con tarta, fotos m\u00e1s art\u00edsticas lo que quer\u00e1is. Solemos hacer tanto <strong>fotos de posado<\/strong> como <strong>fotos naturales <\/strong>seg\u00fan quer\u00e1is, no so preocup\u00e9is que os ense\u00f1aremos a sacar el modelo que llev\u00e1is dentro y lo <strong>pasareis genial<\/strong>.<\/p>\n\n\n\n<p class=\"has-medium-font-size\"><strong><a href=\"https:\/\/estefaniarmfotografia.es\/en\/citas\/\">\u00bfC\u00d3MO RESERVAR?<\/a><\/strong><\/p>\n\n\n\n<p>En <a href=\"https:\/\/estefaniarmfotografia.es\/en\/citas\/\">nuestro apartado Citas<\/a> te detallamos c\u00f3mo hacerlo.  <\/p>\n\n\n\n<p><strong>ESPERAMOS VERTE. PREG\u00daNTANOS LO QUE NECESITES \ud83d\ude42<\/strong><\/p>","protected":false},"excerpt":{"rendered":"<p>Que bonitas son los momentos en pareja, tanto como regalo, como recuerdo o hasta incluso para tener fotos espectaculares para decorar en casa. En estas sesiones queremos que pas\u00e9is un [&hellip;]<\/p>","protected":false},"author":2,"featured_media":0,"parent":0,"menu_order":0,"comment_status":"closed","ping_status":"closed","template":"","meta":{"footnotes":""},"class_list":["post-358","page","type-page","status-publish","hentry"],"yoast_head":"<!-- This site is optimized with the Yoast SEO plugin v26.4 - https:\/\/yoast.com\/wordpress\/plugins\/seo\/ -->\n<title>Pareja - Estefan\u00eda RM Fotograf\u00eda<\/title>\n<meta name=\"robots\" content=\"index, follow, max-snippet:-1, max-image-preview:large, max-video-preview:-1\" \/>\n<link rel=\"canonical\" href=\"https:\/\/estefaniarmfotografia.es\/en\/pareja\/\" \/>\n<meta property=\"og:locale\" content=\"en_GB\" \/>\n<meta property=\"og:type\" content=\"article\" \/>\n<meta property=\"og:title\" content=\"Pareja - Estefan\u00eda RM Fotograf\u00eda\" \/>\n<meta property=\"og:description\" content=\"Que bonitas son los momentos en pareja, tanto como regalo, como recuerdo o hasta incluso para tener fotos espectaculares para decorar en casa. En estas sesiones queremos que pas\u00e9is un [&hellip;]\" \/>\n<meta property=\"og:url\" content=\"https:\/\/estefaniarmfotografia.es\/en\/pareja\/\" \/>\n<meta property=\"og:site_name\" content=\"Estefan\u00eda RM Fotograf\u00eda\" \/>\n<meta property=\"article:modified_time\" content=\"2025-02-18T15:58:56+00:00\" \/>\n<meta property=\"og:image\" content=\"https:\/\/estefaniarmfotografia.es\/wp-content\/uploads\/2022\/12\/WhatsApp-Image-2022-12-11-at-16.49.40.jpeg\" \/>\n\t<meta property=\"og:image:width\" content=\"1600\" \/>\n\t<meta property=\"og:image:height\" content=\"1066\" \/>\n\t<meta property=\"og:image:type\" content=\"image\/jpeg\" \/>\n<meta name=\"twitter:card\" content=\"summary_large_image\" \/>\n<meta name=\"twitter:label1\" content=\"Estimated reading time\" \/>\n\t<meta name=\"twitter:data1\" content=\"2 minutes\" \/>\n<script type=\"application\/ld+json\" class=\"yoast-schema-graph\">{\"@context\":\"https:\/\/schema.org\",\"@graph\":[{\"@type\":\"WebPage\",\"@id\":\"https:\/\/estefaniarmfotografia.es\/pareja\",\"url\":\"https:\/\/estefaniarmfotografia.es\/pareja\",\"name\":\"Pareja - Estefan\u00eda RM Fotograf\u00eda\",\"isPartOf\":{\"@id\":\"https:\/\/estefaniarmfotografia.es\/#website\"},\"primaryImageOfPage\":{\"@id\":\"https:\/\/estefaniarmfotografia.es\/pareja#primaryimage\"},\"image\":{\"@id\":\"https:\/\/estefaniarmfotografia.es\/pareja#primaryimage\"},\"thumbnailUrl\":\"https:\/\/estefaniarmfotografia.es\/wp-content\/uploads\/2022\/12\/WhatsApp-Image-2022-12-11-at-16.49.40-1024x682.jpeg\",\"datePublished\":\"2022-12-26T13:06:51+00:00\",\"dateModified\":\"2025-02-18T15:58:56+00:00\",\"breadcrumb\":{\"@id\":\"https:\/\/estefaniarmfotografia.es\/pareja#breadcrumb\"},\"inLanguage\":\"en-GB\",\"potentialAction\":[{\"@type\":\"ReadAction\",\"target\":[\"https:\/\/estefaniarmfotografia.es\/pareja\"]}]},{\"@type\":\"ImageObject\",\"inLanguage\":\"en-GB\",\"@id\":\"https:\/\/estefaniarmfotografia.es\/pareja#primaryimage\",\"url\":\"https:\/\/estefaniarmfotografia.es\/wp-content\/uploads\/2022\/12\/WhatsApp-Image-2022-12-11-at-16.49.40-1024x682.jpeg\",\"contentUrl\":\"https:\/\/estefaniarmfotografia.es\/wp-content\/uploads\/2022\/12\/WhatsApp-Image-2022-12-11-at-16.49.40-1024x682.jpeg\"},{\"@type\":\"BreadcrumbList\",\"@id\":\"https:\/\/estefaniarmfotografia.es\/pareja#breadcrumb\",\"itemListElement\":[{\"@type\":\"ListItem\",\"position\":1,\"name\":\"Inicio\",\"item\":\"https:\/\/estefaniarmfotografia.es\/\"},{\"@type\":\"ListItem\",\"position\":2,\"name\":\"Pareja\"}]},{\"@type\":\"WebSite\",\"@id\":\"https:\/\/estefaniarmfotografia.es\/#website\",\"url\":\"https:\/\/estefaniarmfotografia.es\/\",\"name\":\"Estefan\u00eda RM Fotograf\u00eda\",\"description\":\"Estudio fotogr\u00e1fico en Granada\",\"publisher\":{\"@id\":\"https:\/\/estefaniarmfotografia.es\/#organization\"},\"potentialAction\":[{\"@type\":\"SearchAction\",\"target\":{\"@type\":\"EntryPoint\",\"urlTemplate\":\"https:\/\/estefaniarmfotografia.es\/?s={search_term_string}\"},\"query-input\":{\"@type\":\"PropertyValueSpecification\",\"valueRequired\":true,\"valueName\":\"search_term_string\"}}],\"inLanguage\":\"en-GB\"},{\"@type\":\"Organization\",\"@id\":\"https:\/\/estefaniarmfotografia.es\/#organization\",\"name\":\"Estefan\u00eda RM Fotograf\u00eda\",\"url\":\"https:\/\/estefaniarmfotografia.es\/\",\"logo\":{\"@type\":\"ImageObject\",\"inLanguage\":\"en-GB\",\"@id\":\"https:\/\/estefaniarmfotografia.es\/#\/schema\/logo\/image\/\",\"url\":\"https:\/\/estefaniarmfotografia.es\/wp-content\/uploads\/2025\/02\/Logotipo-Estefania-RM-fotografia.png\",\"contentUrl\":\"https:\/\/estefaniarmfotografia.es\/wp-content\/uploads\/2025\/02\/Logotipo-Estefania-RM-fotografia.png\",\"width\":806,\"height\":392,\"caption\":\"Estefan\u00eda RM Fotograf\u00eda\"},\"image\":{\"@id\":\"https:\/\/estefaniarmfotografia.es\/#\/schema\/logo\/image\/\"}}]}<\/script>\n<!-- \/ Yoast SEO plugin. -->","yoast_head_json":{"title":"Pareja - Estefan\u00eda RM Fotograf\u00eda","robots":{"index":"index","follow":"follow","max-snippet":"max-snippet:-1","max-image-preview":"max-image-preview:large","max-video-preview":"max-video-preview:-1"},"canonical":"https:\/\/estefaniarmfotografia.es\/en\/pareja\/","og_locale":"en_GB","og_type":"article","og_title":"Pareja - Estefan\u00eda RM Fotograf\u00eda","og_description":"Que bonitas son los momentos en pareja, tanto como regalo, como recuerdo o hasta incluso para tener fotos espectaculares para decorar en casa. En estas sesiones queremos que pas\u00e9is un [&hellip;]","og_url":"https:\/\/estefaniarmfotografia.es\/en\/pareja\/","og_site_name":"Estefan\u00eda RM Fotograf\u00eda","article_modified_time":"2025-02-18T15:58:56+00:00","og_image":[{"width":1600,"height":1066,"url":"https:\/\/estefaniarmfotografia.es\/wp-content\/uploads\/2022\/12\/WhatsApp-Image-2022-12-11-at-16.49.40.jpeg","type":"image\/jpeg"}],"twitter_card":"summary_large_image","twitter_misc":{"Estimated reading time":"2 minutes"},"schema":{"@context":"https:\/\/schema.org","@graph":[{"@type":"WebPage","@id":"https:\/\/estefaniarmfotografia.es\/pareja","url":"https:\/\/estefaniarmfotografia.es\/pareja","name":"Pareja - Estefan\u00eda RM Fotograf\u00eda","isPartOf":{"@id":"https:\/\/estefaniarmfotografia.es\/#website"},"primaryImageOfPage":{"@id":"https:\/\/estefaniarmfotografia.es\/pareja#primaryimage"},"image":{"@id":"https:\/\/estefaniarmfotografia.es\/pareja#primaryimage"},"thumbnailUrl":"https:\/\/estefaniarmfotografia.es\/wp-content\/uploads\/2022\/12\/WhatsApp-Image-2022-12-11-at-16.49.40-1024x682.jpeg","datePublished":"2022-12-26T13:06:51+00:00","dateModified":"2025-02-18T15:58:56+00:00","breadcrumb":{"@id":"https:\/\/estefaniarmfotografia.es\/pareja#breadcrumb"},"inLanguage":"en-GB","potentialAction":[{"@type":"ReadAction","target":["https:\/\/estefaniarmfotografia.es\/pareja"]}]},{"@type":"ImageObject","inLanguage":"en-GB","@id":"https:\/\/estefaniarmfotografia.es\/pareja#primaryimage","url":"https:\/\/estefaniarmfotografia.es\/wp-content\/uploads\/2022\/12\/WhatsApp-Image-2022-12-11-at-16.49.40-1024x682.jpeg","contentUrl":"https:\/\/estefaniarmfotografia.es\/wp-content\/uploads\/2022\/12\/WhatsApp-Image-2022-12-11-at-16.49.40-1024x682.jpeg"},{"@type":"BreadcrumbList","@id":"https:\/\/estefaniarmfotografia.es\/pareja#breadcrumb","itemListElement":[{"@type":"ListItem","position":1,"name":"Inicio","item":"https:\/\/estefaniarmfotografia.es\/"},{"@type":"ListItem","position":2,"name":"Pareja"}]},{"@type":"WebSite","@id":"https:\/\/estefaniarmfotografia.es\/#website","url":"https:\/\/estefaniarmfotografia.es\/","name":"Estefan\u00eda RM Fotograf\u00eda","description":"Estudio fotogr\u00e1fico en Granada","publisher":{"@id":"https:\/\/estefaniarmfotografia.es\/#organization"},"potentialAction":[{"@type":"SearchAction","target":{"@type":"EntryPoint","urlTemplate":"https:\/\/estefaniarmfotografia.es\/?s={search_term_string}"},"query-input":{"@type":"PropertyValueSpecification","valueRequired":true,"valueName":"search_term_string"}}],"inLanguage":"en-GB"},{"@type":"Organization","@id":"https:\/\/estefaniarmfotografia.es\/#organization","name":"Estefan\u00eda RM Fotograf\u00eda","url":"https:\/\/estefaniarmfotografia.es\/","logo":{"@type":"ImageObject","inLanguage":"en-GB","@id":"https:\/\/estefaniarmfotografia.es\/#\/schema\/logo\/image\/","url":"https:\/\/estefaniarmfotografia.es\/wp-content\/uploads\/2025\/02\/Logotipo-Estefania-RM-fotografia.png","contentUrl":"https:\/\/estefaniarmfotografia.es\/wp-content\/uploads\/2025\/02\/Logotipo-Estefania-RM-fotografia.png","width":806,"height":392,"caption":"Estefan\u00eda RM Fotograf\u00eda"},"image":{"@id":"https:\/\/estefaniarmfotografia.es\/#\/schema\/logo\/image\/"}}]}},"_links":{"self":[{"href":"https:\/\/estefaniarmfotografia.es\/en\/wp-json\/wp\/v2\/pages\/358","targetHints":{"allow":["GET"]}}],"collection":[{"href":"https:\/\/estefaniarmfotografia.es\/en\/wp-json\/wp\/v2\/pages"}],"about":[{"href":"https:\/\/estefaniarmfotografia.es\/en\/wp-json\/wp\/v2\/types\/page"}],"author":[{"embeddable":true,"href":"https:\/\/estefaniarmfotografia.es\/en\/wp-json\/wp\/v2\/users\/2"}],"replies":[{"embeddable":true,"href":"https:\/\/estefaniarmfotografia.es\/en\/wp-json\/wp\/v2\/comments?post=358"}],"version-history":[{"count":9,"href":"https:\/\/estefaniarmfotografia.es\/en\/wp-json\/wp\/v2\/pages\/358\/revisions"}],"predecessor-version":[{"id":3075,"href":"https:\/\/estefaniarmfotografia.es\/en\/wp-json\/wp\/v2\/pages\/358\/revisions\/3075"}],"wp:attachment":[{"href":"https:\/\/estefaniarmfotografia.es\/en\/wp-json\/wp\/v2\/media?parent=358"}],"curies":[{"name":"wp","href":"https:\/\/api.w.org\/{rel}","templated":true}]}}